{"id":128,"date":"2013-03-21T16:03:08","date_gmt":"2013-03-21T16:03:08","guid":{"rendered":"http:\/\/pedrosilva.us\/junta\/?page_id=128"},"modified":"2021-01-26T17:26:16","modified_gmt":"2021-01-26T17:26:16","slug":"editais","status":"publish","type":"page","link":"https:\/\/jf-moinhosdagandara.pt\/?page_id=128","title":{"rendered":"Editais"},"content":{"rendered":"<p><strong>Ano de 2021<\/strong><\/p>\n<p><a href=\"https:\/\/jf-moinhosdagandara.pt\/wp-content\/uploads\/2021\/01\/Edital-no-3.pdf\" target=\"_blank\" rel=\"noopener noreferrer\">03<\/a>&#8211; Edital com a altera\u00e7\u00e3o do atendimento.<\/p>\n<p><a href=\"https:\/\/jf-moinhosdagandara.pt\/wp-content\/uploads\/2021\/01\/Edital-no-2-1.pdf\" target=\"_blank\" rel=\"noopener noreferrer\">02<\/a>&#8211; Edital com a altera\u00e7\u00e3o do atendimento com marca\u00e7\u00e3o pr\u00e9via obriagt\u00f3ria.<\/p>\n<p><a href=\"https:\/\/jf-moinhosdagandara.pt\/wp-content\/uploads\/2021\/01\/Edital-no1.pdf\" target=\"_blank\" rel=\"noopener noreferrer\">01<\/a>&#8211; Edital com hor\u00e1rios do cemit\u00e9rio de Ribas.<\/p>\n<p style=\"text-align: left;\" align=\"right\"><strong>Ano de 2020<\/strong><\/p>\n<p style=\"text-align: left;\" align=\"right\"><a href=\"https:\/\/jf-moinhosdagandara.pt\/wp-content\/uploads\/2020\/11\/Edital-no-9.pdf\" target=\"_blank\" rel=\"noopener noreferrer\">09<\/a>&#8211; Encerramento do Cemit\u00e9rio Municipal de Moinhos da G\u00e2ndara.<\/p>\n<p style=\"text-align: left;\" align=\"right\"><a href=\"https:\/\/jf-moinhosdagandara.pt\/wp-content\/uploads\/2020\/11\/Edital-no-8.pdf\" target=\"_blank\" rel=\"noopener noreferrer\">08<\/a> &#8211; Cemit\u00e9rio de Ribas<\/p>\n<p style=\"text-align: left;\" align=\"right\"><a href=\"https:\/\/jf-moinhosdagandara.pt\/wp-content\/uploads\/2020\/06\/Edital-n\u00ba-7.pdf\" target=\"_blank\" rel=\"noopener noreferrer\">07<\/a>&#8211; Hor\u00e1rio do servi\u00e7o presencial da Secretaria.<\/p>\n<p style=\"text-align: left;\" align=\"right\"><a href=\"https:\/\/jf-moinhosdagandara.pt\/wp-content\/uploads\/2020\/05\/Edital-n\u00ba6.pdf\" target=\"_blank\" rel=\"noopener noreferrer\">06<\/a>&#8211; Retoma do servi\u00e7o presencial da Secretaria.<\/p>\n<p style=\"text-align: left;\" align=\"right\"><a href=\"https:\/\/jf-moinhosdagandara.pt\/wp-content\/uploads\/2020\/05\/Edital-Cemit\u00e9rio.pdf\" target=\"_blank\" rel=\"noopener noreferrer\">05<\/a>&#8211; No \u00e2mbito do atual Estado de Calamidade, o\u00a0cemit\u00e9rio de Ribas reabrir\u00e1 portas.<\/p>\n<p style=\"text-align: left;\" align=\"right\"><a href=\"https:\/\/jf-moinhosdagandara.pt\/wp-content\/uploads\/2020\/04\/Edital_4.pdf\" target=\"_blank\" rel=\"noopener noreferrer\">04<\/a>&#8211; Renova\u00e7\u00e3o medidas adicionais restritivas para controlo da pandemia do COVID-19.<\/p>\n<p style=\"text-align: left;\" align=\"right\"><a href=\"https:\/\/jf-moinhosdagandara.pt\/wp-content\/uploads\/2020\/03\/EDITAL_3.pdf\" target=\"_blank\" rel=\"noopener noreferrer\">03<\/a>&#8211; Medidas adicionais restritivas para controlo da pandemia do COVID-19.<\/p>\n<p style=\"text-align: left;\" align=\"right\"><a href=\"https:\/\/jf-moinhosdagandara.pt\/wp-content\/uploads\/2020\/03\/Edital.pdf\" target=\"_blank\" rel=\"noopener noreferrer\">02<\/a>&#8211; Perman\u00eancia de pessoas no Cemit\u00e9rio Municipal de Moinhos da G\u00e2ndara.<\/p>\n<p style=\"text-align: left;\" align=\"right\"><a href=\"https:\/\/jf-moinhosdagandara.pt\/wp-content\/uploads\/2020\/03\/EDITAL-N\u00ba-1.pdf\" target=\"_blank\" rel=\"noopener noreferrer\">01<\/a>&#8211; Atendimento do Executivo pendente at\u00e9 final do m\u00eas de mar\u00e7o.<\/p>\n<p style=\"text-align: left;\" align=\"right\"><strong>Ano de 2018<\/strong><\/p>\n<p style=\"text-align: left;\" align=\"right\"><a href=\"https:\/\/jf-moinhosdagandara.pt\/wp-content\/uploads\/2013\/03\/000004.pdf\" target=\"_blank\" rel=\"noopener noreferrer\">05<\/a>&#8211; O Banco de Livros\/Manuais Escolares da Freguesia de Moinhos da G\u00e2ndara j\u00e1 se encontra em funcionamento.<\/p>\n<p style=\"text-align: left;\" align=\"right\"><a href=\"https:\/\/jf-moinhosdagandara.pt\/wp-content\/uploads\/2013\/03\/2018_000003.pdf\" target=\"_blank\" rel=\"noopener noreferrer\">04<\/a>&#8211; Programa &#8220;+Perto&#8221; que tem como objetivo melhorar a acessibilidade a alguns servi\u00e7os p\u00fablicos\/privados utilizados pelos residentes desta freguesia.<\/p>\n<p style=\"text-align: left;\" align=\"right\"><a href=\"https:\/\/jf-moinhosdagandara.pt\/wp-content\/uploads\/2013\/03\/EDITAL_A4.pdf\" target=\"_blank\" rel=\"noopener noreferrer\">03<\/a>&#8211; CITRINOS INFESTADOS COM A PSILA AFRICANA DOS CITRINOS &#8211;\u00a0<i>Trioza erytreae<\/i>\u00a0(Del Guercio).<\/p>\n<p style=\"text-align: left;\" align=\"right\"><a title=\"F\u00e9rias da funcion\u00e1ria.\" href=\"https:\/\/jf-moinhosdagandara.pt\/wp-content\/uploads\/2013\/03\/000002.pdf\" target=\"_blank\" rel=\"noopener noreferrer\">02<\/a>&#8211; Workshop sobre o sono e a sa\u00fade.<\/p>\n<p style=\"text-align: left;\" align=\"right\"><a title=\"F\u00e9rias da funcion\u00e1ria.\" href=\"https:\/\/jf-moinhosdagandara.pt\/wp-content\/uploads\/2018\/02\/EDITAL2018000001.pdf\" target=\"_blank\" rel=\"noopener noreferrer\">01<\/a>&#8211; Esclarecimento sobre a limpeza da floresta.<\/p>\n<p style=\"text-align: left;\" align=\"right\"><strong>Ano de 2017<\/strong><\/p>\n<p style=\"text-align: left;\" align=\"right\"><a title=\"Altera\u00e7\u00e3o ao hor\u00e1rio de atendimento ao p\u00fablico.\" href=\"https:\/\/jf-moinhosdagandara.pt\/wp-content\/uploads\/2013\/03\/000002-2017.pdf\" target=\"_blank\" rel=\"noopener noreferrer\">02\u00a0<\/a>&#8211; Altera\u00e7\u00e3o ao hor\u00e1rio de atendimento ao p\u00fablico.<\/p>\n<p style=\"text-align: left;\" align=\"right\"><a title=\"F\u00e9rias da funcion\u00e1ria.\" href=\"https:\/\/jf-moinhosdagandara.pt\/wp-content\/uploads\/2013\/03\/000001-2017.pdf\" target=\"_blank\" rel=\"noopener noreferrer\">01\u00a0<\/a>&#8211; F\u00e9rias da funcion\u00e1ria.<\/p>\n<p style=\"text-align: left;\" align=\"right\"><strong>Ano de 2016<\/strong><\/p>\n<p style=\"text-align: left;\" align=\"right\"><a title=\"Or\u00e7amento Participativo 2016\/2017.\" href=\"https:\/\/jf-moinhosdagandara.pt\/wp-content\/uploads\/2013\/03\/000002-2016.pdf\" target=\"_blank\" rel=\"noopener noreferrer\">02\u00a0<\/a>&#8211; Or\u00e7amento Participativo 2016\/2017.<\/p>\n<p style=\"text-align: left;\" align=\"right\"><a title=\"Consultas cl\u00ednicas.\" href=\"https:\/\/jf-moinhosdagandara.pt\/wp-content\/uploads\/2013\/03\/000001-2016.pdf\" target=\"_blank\" rel=\"noopener noreferrer\">01\u00a0<\/a>&#8211; Consultas cl\u00ednicas.<\/p>\n<p style=\"text-align: left;\" align=\"right\"><strong>Ano de 2015<\/strong><\/p>\n<p style=\"text-align: left;\" align=\"right\"><a title=\"Atendimento ao p\u00fablico.\" href=\"https:\/\/jf-moinhosdagandara.pt\/wp-content\/uploads\/2013\/03\/000001-2015.pdf\" target=\"_blank\" rel=\"noopener noreferrer\">01\u00a0<\/a>&#8211; Atendimento ao p\u00fablico.<\/p>\n<p style=\"text-align: left;\" align=\"right\"><strong>Ano de 2014<\/strong><\/p>\n<p style=\"text-align: left;\" align=\"right\"><a href=\"https:\/\/jf-moinhosdagandara.pt\/wp-content\/uploads\/2014\/09\/ed_06_JF.pdf\" target=\"_blank\" rel=\"noopener noreferrer\">06<\/a>\u00a0&#8211; Passeio Seniores 2014&#8230;<\/p>\n<p style=\"text-align: left;\" align=\"right\"><a href=\"https:\/\/jf-moinhosdagandara.pt\/wp-content\/uploads\/2014\/09\/ed_05_JF.pdf\" target=\"_blank\" rel=\"noopener noreferrer\">05<\/a>\u00a0&#8211;\u00a0Vacina\u00e7\u00e3o Anti-R\u00e1bica e Identifica\u00e7\u00e3o Electr\u00f3nica dia 17 setembro &#8230;<\/p>\n<p style=\"text-align: left;\" align=\"right\"><a href=\"https:\/\/jf-moinhosdagandara.pt\/wp-content\/uploads\/2014\/09\/ed_04_JF.pdf\">04<\/a>\u00a0&#8211;\u00a0Encerramento secretaria per\u00edodo 04 a 14 agosto &#8230;<\/p>\n<p style=\"text-align: left;\" align=\"right\"><a href=\"https:\/\/jf-moinhosdagandara.pt\/wp-content\/uploads\/2014\/09\/ed_03_JF.pdf\" target=\"_blank\" rel=\"noopener noreferrer\">03<\/a>\u00a0&#8211; Encerramento secretaria per\u00edodo 26 a 30 maio &#8230;<\/p>\n<p style=\"text-align: left;\" align=\"right\"><a title=\"Apoio \u00e0 entrega da declara\u00e7\u00e3o de IRS 2013.\" href=\"https:\/\/jf-moinhosdagandara.pt\/wp-content\/uploads\/2014\/04\/ed_02-2014.pdf\" target=\"_blank\" rel=\"noopener noreferrer\">02\u00a0<\/a>&#8211; Abertas inscri\u00e7\u00f5es para programa &#8220;Ver\u00e3o Jovem 2014&#8243;&#8230;<\/p>\n<p style=\"text-align: left;\" align=\"right\"><a title=\"Apoio \u00e0 entrega da declara\u00e7\u00e3o de IRS 2013.\" href=\"https:\/\/jf-moinhosdagandara.pt\/wp-content\/uploads\/2013\/03\/exec_ed_01_14.pdf\" target=\"_blank\" rel=\"noopener noreferrer\">01\u00a0<\/a>&#8211; Apoio \u00e0 entrega da declara\u00e7\u00e3o IRS&#8230;<\/p>\n<p><strong>Ano de 2013<\/strong><\/p>\n<p align=\"left\"><a href=\"https:\/\/jf-moinhosdagandara.pt\/wp-content\/uploads\/2014\/03\/ed_07-2013.pdf\" target=\"_blank\" rel=\"noopener noreferrer\">07<\/a> &#8211; Atendimento ao p\u00fablico encerrado de 25 a 29 de novembro&#8230;<\/p>\n<p align=\"left\"><a href=\"https:\/\/jf-moinhosdagandara.pt\/wp-content\/uploads\/2014\/03\/ed_06-2013.pdf\" target=\"_blank\" rel=\"noopener noreferrer\">06 <\/a>&#8211;\u00a0Vacina\u00e7\u00e3o Anti-R\u00e1bica e Identifica\u00e7\u00e3o Electr\u00f3nica dia 21 outubro&#8230;<\/p>\n<p align=\"left\"><a href=\"https:\/\/jf-moinhosdagandara.pt\/wp-content\/uploads\/2014\/03\/ed_05-2013.pdf\" target=\"_blank\" rel=\"noopener noreferrer\">05\u00a0<\/a>&#8211; D\u00e1diva de sangue dia 2 de novembro&#8230;<\/p>\n<p align=\"left\"><a href=\"https:\/\/jf-moinhosdagandara.pt\/wp-content\/uploads\/2014\/03\/ed_04-2013.pdf\" target=\"_blank\" rel=\"noopener noreferrer\">04\u00a0<\/a>&#8211; Aulas de nata\u00e7\u00e3o meses de julho e agosto&#8230;<\/p>\n<p align=\"left\"><a href=\"https:\/\/jf-moinhosdagandara.pt\/wp-content\/uploads\/2014\/03\/ed_03-2013.pdf\" target=\"_blank\" rel=\"noopener noreferrer\">03\u00a0<\/a>&#8211;\u00a0Abertas inscri\u00e7\u00f5es para programa &#8220;<strong>Ver\u00e3o Jovem 2013<\/strong>&#8220;&#8230;<\/p>\n<p align=\"left\"><a href=\"https:\/\/jf-moinhosdagandara.pt\/wp-content\/uploads\/2014\/03\/ed_02-2013.pdf\" target=\"_blank\" rel=\"noopener noreferrer\">02\u00a0<\/a>&#8211; Apoio \u00e0 entrega da declara\u00e7\u00e3o IRS&#8230;<\/p>\n<p align=\"left\"><a href=\"https:\/\/jf-moinhosdagandara.pt\/wp-content\/uploads\/2014\/03\/ed_01-2013.pdf\" target=\"_blank\" rel=\"noopener noreferrer\">01<\/a>&#8211;\u00a0D\u00e1diva de sangue dia 27 abril&#8230;<\/p>\n<p style=\"text-align: left;\" align=\"right\"><strong>Ano de 2012<\/strong><\/p>\n<p align=\"left\"><a href=\"http:\/\/www.jf-moinhosdagandara.pt\/pdf\/JF\/ed_05_12.pdf\"><span style=\"text-decoration: underline;\"><span style=\"color: #0066cc;\">05<\/span><\/span><\/a>&#8211; Vacina\u00e7\u00e3o Anti-R\u00e1bica e Identifica\u00e7\u00e3o Electr\u00f3nica dia 04 julho&#8230;<\/p>\n<p align=\"left\"><a href=\"http:\/\/www.jf-moinhosdagandara.pt\/pdf\/JF\/ed_04_12.pdf\"><span style=\"text-decoration: underline;\"><span style=\"color: #0066cc;\">04<\/span><\/span><\/a>&#8211; Aulas de nata\u00e7\u00e3o meses de julho e agosto&#8230;<\/p>\n<p align=\"left\"><a href=\"http:\/\/www.jf-moinhosdagandara.pt\/pdf\/JF\/ed_03_12.pdf\"><span style=\"text-decoration: underline;\"><span style=\"color: #0066cc;\">03<\/span><\/span><\/a>&#8211; D\u00e1diva de sangue dia 28 abril&#8230;<\/p>\n<p align=\"left\"><a href=\"http:\/\/www.jf-moinhosdagandara.pt\/pdf\/JF\/ed_02_12.pdf\"><span style=\"text-decoration: underline;\"><span style=\"color: #0066cc;\">02<\/span><\/span><\/a>&#8211; Consultas m\u00e9dicas na sede da junta a partir de 10 Abril&#8230;<\/p>\n<p align=\"left\"><a href=\"http:\/\/www.jf-moinhosdagandara.pt\/pdf\/JF\/ed_01_12.pdf\"><span style=\"text-decoration: underline;\"><span style=\"color: #0066cc;\">01<\/span><\/span><\/a>&#8211; Abertas inscri\u00e7\u00f5es para programa &#8220;Ver\u00e3o Jovem 2012&#8243;&#8230;<\/p>\n<p><strong>Ano de 2011<\/strong><\/p>\n<p align=\"left\"><a href=\"http:\/\/www.jf-moinhosdagandara.pt\/pdf\/JF\/ed_08_11.pdf\"><span style=\"text-decoration: underline;\"><span style=\"color: #0066cc;\">08<\/span><\/span><\/a>&#8211; Encerramento da secretaria da Junta de Freguesia no per\u00edodo de 24 a 28 de Outubro&#8230;<\/p>\n<p align=\"left\"><a href=\"http:\/\/www.jf-moinhosdagandara.pt\/pdf\/JF\/ed_07_11.pdf\"><span style=\"text-decoration: underline;\"><span style=\"color: #0066cc;\">07<\/span><\/span><\/a>&#8211; No pr\u00f3ximo dia 22 de Setembro vai-se realizar a VACINA\u00c7\u00c3O de CAN\u00cdDEOS&#8230;<\/p>\n<p align=\"left\"><a href=\"http:\/\/www.jf-moinhosdagandara.pt\/pdf\/JF\/ed_06_11.pdf\"><span style=\"text-decoration: underline;\"><span style=\"color: #0066cc;\">06<\/span><\/span><\/a>&#8211; No pr\u00f3ximo dia 20 de Agosto (s\u00e1bado) vai-se realizar o PASSEIO S\u00c9NIOR&#8230;<\/p>\n<p align=\"left\"><a href=\"http:\/\/www.jf-moinhosdagandara.pt\/pdf\/JF\/ed_05_11.pdf\"><span style=\"text-decoration: underline;\"><span style=\"color: #0066cc;\">05<\/span><\/span><\/a>&#8211; O atendimento ao p\u00fablico vai estar encerrado no per\u00edodo de 01 a 15 de Agosto de 2011, por motivo f\u00e9rias da funcion\u00e1ria&#8230;<\/p>\n<p align=\"left\"><a href=\"http:\/\/www.jf-moinhosdagandara.pt\/pdf\/JF\/ed_04_11.pdf\"><span style=\"text-decoration: underline;\"><span style=\"color: #0066cc;\">04<\/span><\/span><\/a>&#8211; A Atendimento pelo Executivo no pr\u00f3ximo dia 22 de Junho (quarta-feira), n\u00e3o se ir\u00e1 realizar&#8230;<\/p>\n<p align=\"left\"><a href=\"http:\/\/www.jf-moinhosdagandara.pt\/pdf\/JF\/ed_03_11.pdf\"><span style=\"text-decoration: underline;\"><span style=\"color: #0066cc;\">03<\/span><\/span><\/a>&#8211; O atendimento ao p\u00fablico vai estar encerrado no per\u00edodo de 23 a 27 de Maio de 2011, por motivo f\u00e9rias da funcion\u00e1ria&#8230;<\/p>\n<p align=\"left\"><a href=\"http:\/\/www.jf-moinhosdagandara.pt\/pdf\/JF\/ed_02_11.pdf\"><span style=\"text-decoration: underline;\"><span style=\"color: #0066cc;\">02<\/span><\/span><\/a>&#8211; VAI REALIZAR-SE UMA COLHEITA DE SANGUE NA SEDE DA JUNTA DE FREGUESIA NO PR\u00d3XIMO DIA 30 DE ABRIL&#8230;<\/p>\n<p align=\"left\"><a href=\"http:\/\/www.jf-moinhosdagandara.pt\/pdf\/JF\/ed_01_11.pdf\"><span style=\"text-decoration: underline;\"><span style=\"color: #0066cc;\">01<\/span><\/span><\/a>&#8211; No per\u00edodo de 07 de Mar\u00e7o a 24 de Abril, ir\u00e3o realizar-se os Censos 2011&#8230;<\/p>\n<p><strong>Ano de 2010<\/strong><\/p>\n<p align=\"left\"><a href=\"http:\/\/www.jf-moinhosdagandara.pt\/pdf\/JF\/ed_20_10.pdf\"><span style=\"text-decoration: underline;\"><span style=\"color: #0066cc;\">20<\/span><\/span><\/a>&#8211; Encerramento da Junta de Freguesia dias 24 Dezembro a 02 Janeiro 2011&#8230;<\/p>\n<p align=\"left\"><a href=\"http:\/\/www.jf-moinhosdagandara.pt\/pdf\/JF\/ed_19_10.pdf\"><span style=\"text-decoration: underline;\"><span style=\"color: #0066cc;\">19<\/span><\/span><\/a>&#8211; Encerramento da Junta de Freguesia dias 01 e 08 de Dezembro &#8230;<\/p>\n<p align=\"left\"><a href=\"http:\/\/www.jf-moinhosdagandara.pt\/pdf\/JF\/ed_18_10.pdf\"><span style=\"text-decoration: underline;\"><span style=\"color: #0066cc;\">18<\/span><\/span><\/a>&#8211; Novo hor\u00e1rio de\u00a0funcionamento da secretaria&#8230;<\/p>\n<p align=\"left\"><a href=\"http:\/\/www.jf-moinhosdagandara.pt\/pdf\/JF\/ed_17_10.pdf\"><span style=\"text-decoration: underline;\"><span style=\"color: #0066cc;\">17<\/span><\/span><\/a>&#8211; D\u00e1diva de sangue dia 01 de Novembro&#8230;<\/p>\n<p align=\"left\"><a href=\"http:\/\/www.jf-moinhosdagandara.pt\/pdf\/JF\/ed_16_10.pdf\"><span style=\"text-decoration: underline;\"><span style=\"color: #0066cc;\">16<\/span><\/span><\/a>&#8211; Encerramento do\u00a0atendimento da secretaria no\u00a0per\u00edodo de 18 a 22 de\u00a0Outubro&#8230;<\/p>\n<p align=\"left\"><a href=\"http:\/\/www.jf-moinhosdagandara.pt\/pdf\/JF\/ed_15_10.pdf\"><span style=\"text-decoration: underline;\"><span style=\"color: #0066cc;\">15<\/span><\/span><\/a>&#8211; Passeio Senior dia 04 Setembro&#8230;<\/p>\n<p align=\"left\"><a href=\"http:\/\/www.jf-moinhosdagandara.pt\/pdf\/JF\/ed_14_10.pdf\"><span style=\"text-decoration: underline;\"><span style=\"color: #0066cc;\">14<\/span><\/span><\/a>&#8211; Encerramento do atendimento ao p\u00fablico de\u00a002 a 13 Agosto &#8230;<\/p>\n<p align=\"left\"><a href=\"http:\/\/www.jf-moinhosdagandara.pt\/pdf\/JF\/ed_13_10.pdf\"><span style=\"text-decoration: underline;\"><span style=\"color: #0066cc;\">13<\/span><\/span><\/a>&#8211; Registo e licen\u00e7a de Can\u00eddeos &#8230;<\/p>\n<p align=\"left\"><a href=\"http:\/\/www.jf-moinhosdagandara.pt\/pdf\/JF\/ed_12_10.pdf\"><span style=\"text-decoration: underline;\"><span style=\"color: #0066cc;\">12<\/span><\/span><\/a>&#8211; Aulas de nata\u00e7\u00e3o GRATUITAS &#8230;<\/p>\n<p align=\"left\"><a href=\"http:\/\/www.jf-moinhosdagandara.pt\/pdf\/JF\/ed_11_10.pdf\"><span style=\"text-decoration: underline;\"><span style=\"color: #0066cc;\">11<\/span><\/span><\/a>&#8211; O Executivo no pr\u00f3ximo\u00a0dia 23 Junho n\u00e3o far\u00e1 o\u00a0atendimento ao p\u00fablico&#8230;<\/p>\n<p align=\"left\"><a href=\"http:\/\/www.jf-moinhosdagandara.pt\/pdf\/JF\/ed_10_10.pdf\"><span style=\"text-decoration: underline;\"><span style=\"color: #0066cc;\">10<\/span><\/span><\/a>&#8211; Vacina\u00e7\u00e3o anti-r\u00e1bica e\u00a0identifica\u00e7\u00e3o electr\u00f3nica\u00a0dos can\u00eddeos &#8230;<\/p>\n<p align=\"left\"><a href=\"http:\/\/www.jf-moinhosdagandara.pt\/pdf\/JF\/ed_09_10.pdf\"><span style=\"text-decoration: underline;\"><span style=\"color: #0066cc;\">09<\/span><\/span><\/a>&#8211; Aplica\u00e7\u00e3o de Herbicida&#8230;<\/p>\n<p align=\"left\"><a href=\"http:\/\/www.jf-moinhosdagandara.pt\/pdf\/JF\/ed_08_10.pdf\"><span style=\"text-decoration: underline;\"><span style=\"color: #0066cc;\">08<\/span><\/span><\/a>&#8211; Atendimento dos UTENTES da\u00a0Seguran\u00e7a Social &#8230;<\/p>\n<p align=\"left\"><a href=\"http:\/\/www.jf-moinhosdagandara.pt\/pdf\/JF\/ed_07_10.pdf\"><span style=\"text-decoration: underline;\"><span style=\"color: #0066cc;\">07<\/span><\/span><\/a>&#8211; Inscri\u00e7\u00f5es no PCAAC &#8230;<\/p>\n<p align=\"left\"><a href=\"http:\/\/www.jf-moinhosdagandara.pt\/pdf\/JF\/ed_06_10.pdf\"><span style=\"text-decoration: underline;\"><span style=\"color: #0066cc;\">06<\/span><\/span><\/a>&#8211; Edital de aprova\u00e7\u00e3o\u00a0\u00a0Regulamento de Taxas,\u00a0Licen\u00e7as e Servi\u00e7os &#8230; <b><span style=\"text-decoration: underline;\"><a href=\"http:\/\/www.jf-moinhosdagandara.pt\/pdf\/reg_taxas.pdf\" target=\"_blank\" rel=\"noopener noreferrer\">Consultar Regulamento!<\/a><\/span><\/b><\/p>\n<p align=\"left\"><a href=\"http:\/\/www.jf-moinhosdagandara.pt\/pdf\/JF\/ed_05_10.pdf\"><span style=\"text-decoration: underline;\"><span style=\"color: #0066cc;\">05<\/span><\/span><\/a>&#8211; Edital de aprova\u00e7\u00e3o\u00a0\u00a0Regulamento do Cemit\u00e9rio &#8230;\u00a0\u00a0\u00a0<b><span style=\"text-decoration: underline;\"><a href=\"http:\/\/www.jf-moinhosdagandara.pt\/pdf\/reg_cem.pdf\" target=\"_blank\" rel=\"noopener noreferrer\">Consultar\u00a0Regulamento!<\/a><\/span><\/b><\/p>\n<p align=\"left\"><a href=\"http:\/\/www.jf-moinhosdagandara.pt\/pdf\/JF\/ed_04_10.pdf\"><span style=\"text-decoration: underline;\"><span style=\"color: #0066cc;\">04<\/span><\/span><\/a>&#8211; D\u00e1diva de sangue no pr\u00f3ximo dia 24 de Abril de 2010 &#8230;<\/p>\n<p align=\"left\"><a href=\"http:\/\/www.jf-moinhosdagandara.pt\/pdf\/JF\/ed_03_10.pdf\"><span style=\"text-decoration: underline;\"><span style=\"color: #0066cc;\">03<\/span><\/span><\/a>&#8211; Encerramento da secretaria da Junta de Freguesia no per\u00edodo de 31 de Mar\u00e7o a 07 de Abril &#8230;<\/p>\n<p align=\"left\"><a href=\"http:\/\/www.jf-moinhosdagandara.pt\/pdf\/JF\/ed_02_10.pdf\"><span style=\"text-decoration: underline;\"><span style=\"color: #0066cc;\">02<\/span><\/span><\/a>&#8211; Entrega da declara\u00e7\u00e3o de IRS &#8230;<\/p>\n<p align=\"left\"><a href=\"http:\/\/www.jf-moinhosdagandara.pt\/pdf\/JF\/ed_01_10.pdf\"><span style=\"text-decoration: underline;\"><span style=\"color: #0066cc;\">01<\/span><\/span><\/a>&#8211; Tabela de pre\u00e7os de Taxas e Licen\u00e7as para o ano de 2010 &#8230;<\/p>\n<p><strong>Ano de 2009<\/strong><\/p>\n<p align=\"left\"><a href=\"http:\/\/www.jf-moinhosdagandara.pt\/pdf\/JF\/ed_13_09.pdf\">13<\/a>&#8211; J\u00e1 se encontram dispon\u00edveis \u00d3LE\u00d5ES para recolha de \u00f3leo alimentar usado&#8230;<\/p>\n<p align=\"left\"><a href=\"http:\/\/www.jf-moinhosdagandara.pt\/pdf\/JF\/ed_12_09.pdf\">12<\/a>&#8211; D\u00e1diva de sangue dia 21 de Novembro&#8230;<\/p>\n<p align=\"left\"><a href=\"http:\/\/www.jf-moinhosdagandara.pt\/pdf\/JF\/ed_11_09.pdf\">11<\/a>&#8211; Conclus\u00e3o do 9\u00ba ano de escolaridade&#8230;<\/p>\n<p align=\"left\"><a href=\"http:\/\/www.jf-moinhosdagandara.pt\/pdf\/JF\/ed_10_09.pdf\">10<\/a>&#8211; Encerramento da Junta de Freguesia para atendimento ao p\u00fablico no per\u00edodo de 03 a 21 de Agosto &#8230;<\/p>\n<p align=\"left\"><a href=\"http:\/\/www.jf-moinhosdagandara.pt\/pdf\/JF\/ed_09_09.pdf\">09<\/a>&#8211; Encerramento da Junta de Freguesia para atendimento ao p\u00fablico no per\u00edodo de 03 a 21 de Agosto&#8230;<\/p>\n<p align=\"left\"><a href=\"http:\/\/www.jf-moinhosdagandara.pt\/pdf\/JF\/ed_08_09.pdf\">08<\/a>&#8211; Passeio Jovem &#8211; dia 25Jul&#8217;09&#8230;<\/p>\n<p align=\"left\"><a href=\"http:\/\/www.jf-moinhosdagandara.pt\/pdf\/JF\/ed_07_09.pdf\">07<\/a>&#8211; Aulas de nata\u00e7\u00e3o Gratuitas &#8211; todas as 5\u00aa feiras a partir do dia 09Jun&#8217;09 &#8230;<\/p>\n<p align=\"left\"><a href=\"http:\/\/www.jf-moinhosdagandara.pt\/pdf\/JF\/ed_06_09.pdf\">06<\/a>&#8211; Vacina\u00e7\u00e3o Anti-R\u00e1bica &#8211; dia 08Jun&#8217;09 a partir das 14:30 horas<b><\/b><\/p>\n<p align=\"left\"><a href=\"http:\/\/www.jf-moinhosdagandara.pt\/pdf\/JF\/ed_05_09.pdf\">05<\/a>&#8211; D\u00e1diva de Sangue &#8211; dia 09Mai&#8217;09 a partir das 15:00 horas<b><\/b><\/p>\n<p align=\"left\"><a href=\"http:\/\/www.jf-moinhosdagandara.pt\/pdf\/JF\/ed_04_09.pdf\">04<\/a>&#8211; Encerramento dos servi\u00e7os de secretaria 2\u00aa feira de P\u00e1scoa<\/p>\n<p align=\"left\"><a href=\"http:\/\/www.jf-moinhosdagandara.pt\/pdf\/JF\/ed_03_09.pdf\">03<\/a>&#8211; Apoio \u00e0 entrega da declara\u00e7\u00e3o de IRS&#8230;<\/p>\n<p align=\"left\"><a href=\"http:\/\/www.jf-moinhosdagandara.pt\/pdf\/JF\/ed_02_09.pdf\">02<\/a>&#8211; Encerramento da Junta de Freguesia em 23 e 24 de Fevereiro (Carnaval)&#8230;<\/p>\n<p align=\"left\"><a href=\"http:\/\/www.jf-moinhosdagandara.pt\/pdf\/JF\/ed_01_09.pdf\">01<\/a>&#8211; Tabela de pre\u00e7os de Taxas e Licen\u00e7as para o ano de 2009 &#8230;<\/p>\n<p><strong>Ano de 2008<\/strong><\/p>\n<p align=\"left\"><a href=\"http:\/\/www.jf-moinhosdagandara.pt\/pdf\/JF\/ed_13_08.pdf\">13<\/a>&#8211; Atendimento ao p\u00fablico no per\u00edodo de 29\/12\/2008 a&#8230;<\/p>\n<p align=\"left\"><a href=\"http:\/\/www.jf-moinhosdagandara.pt\/pdf\/JF\/ed_12_08.pdf\">12<\/a>&#8211; D\u00e1diva de sangue &#8211; 2008\/11\/29&#8230;<\/p>\n<p align=\"left\"><a href=\"http:\/\/www.jf-moinhosdagandara.pt\/pdf\/JF\/ed_11_08.pdf\">11<\/a>&#8211; Passeio S\u00e9nior 2008 &#8211; 2008\/09\/06&#8230;<\/p>\n<p align=\"left\"><a href=\"http:\/\/www.jf-moinhosdagandara.pt\/pdf\/JF\/ed_10_08.pdf\">10<\/a>&#8211; Hor\u00e1rio de funcionamento no per\u00edodo de 04 a 29 de Agosto de 2008&#8230;<\/p>\n<p align=\"left\"><a href=\"http:\/\/www.jf-moinhosdagandara.pt\/pdf\/JF\/ed_09_08.pdf\">09<\/a>&#8211; Passeio Jovem 2008 &#8211; 2008\/08\/02 &#8230;<\/p>\n<p align=\"left\"><a href=\"http:\/\/www.jf-moinhosdagandara.pt\/pdf\/JF\/ed_08_08.pdf\">08<\/a>&#8211; Inscri\u00e7\u00e3o para ocupa\u00e7\u00e3o dos tempos livres (gratuitamente) &#8211; meses de Julho e Agosto&#8230;<\/p>\n<p align=\"left\"><a href=\"http:\/\/www.jf-moinhosdagandara.pt\/pdf\/JF\/ed_07_08.pdf\">07<\/a>&#8211; Inscri\u00e7\u00f5es para aulas de nata\u00e7\u00e3o gratuitas &#8211; durante os meses de Julho e Agosto&#8230;<\/p>\n<p align=\"left\"><a href=\"http:\/\/www.jf-moinhosdagandara.pt\/pdf\/JF\/ed_06_08.pdf\">06<\/a>&#8211; Rastreio auditivo gratuito &#8211; 2008\/06\/20<b><\/b><\/p>\n<p align=\"left\"><a href=\"http:\/\/www.jf-moinhosdagandara.pt\/pdf\/JF\/ed_05_08.pdf\">05<\/a>&#8211; Vacina\u00e7\u00e3o Anti-R\u00e1bica &#8211; 2008\/07\/02 &#8230;<b><\/b><\/p>\n<p align=\"left\"><a href=\"http:\/\/www.jf-moinhosdagandara.pt\/pdf\/JF\/ed_04_08.pdf\">04<\/a>&#8211; D\u00e1diva de Sangue na sede da Junta de Freguesia &#8211; 2008\/05\/10 &#8230;<\/p>\n<p align=\"left\"><a href=\"http:\/\/www.jf-moinhosdagandara.pt\/pdf\/JF\/ed_03_08.pdf\">03<\/a>&#8211; Apoio \u00e0 entrega da declara\u00e7\u00e3o de IRS 2007 atrav\u00e9s da Internet &#8230;<\/p>\n<p align=\"left\"><a href=\"http:\/\/www.jf-moinhosdagandara.pt\/pdf\/JF\/ed_02_08.pdf\">02<\/a>&#8211; Encerramento do Atendimento ao P\u00fablico dia 25 de Mar\u00e7o (2\u00aa feira de P\u00e1scoa) &#8230;<\/p>\n<p align=\"left\"><a href=\"http:\/\/www.jf-moinhosdagandara.pt\/pdf\/JF\/ed_01_08.pdf\">01<\/a>&#8211; Tabela de pre\u00e7os de Taxas e Licen\u00e7as para o ano de 2008 &#8230;<\/p>\n<p><strong>Ano de 2007<\/strong><\/p>\n<p align=\"left\"><a href=\"http:\/\/www.jf-moinhosdagandara.pt\/pdf\/JF\/ed_18_07.pdf\">18<\/a>&#8211; Encerramento atendimento da Secretaria no per\u00edodo de 24\/12\/2007 a 01\/01\/2008 &#8230;<\/p>\n<p align=\"left\"><a href=\"http:\/\/www.jf-moinhosdagandara.pt\/pdf\/JF\/ed_17_07.pdf\">17<\/a>&#8211; Dia 10 de Novembro D\u00e1diva de Sangue &#8230;<\/p>\n<p align=\"left\"><a href=\"http:\/\/www.jf-moinhosdagandara.pt\/pdf\/JF\/ed_16_07.pdf\">16<\/a>&#8211; No per\u00edodo de 24 de Setembro a 8 de Outubro de 2007, o servi\u00e7o &#8230;<\/p>\n<p align=\"left\"><a href=\"http:\/\/www.jf-moinhosdagandara.pt\/pdf\/JF\/ed_15_07.pdf\">15<\/a>&#8211; Passeio para os mais Idosos dia 15 de Setembro &#8230;<\/p>\n<p align=\"left\"><a href=\"http:\/\/www.jf-moinhosdagandara.pt\/pdf\/JF\/ed_14_07.pdf\">14<\/a>&#8211; Passeio de Jovens ao Parque Aventura em \u00d3bidos &#8230;<\/p>\n<p align=\"left\"><a href=\"http:\/\/www.jf-moinhosdagandara.pt\/pdf\/JF\/ed_13_07.pdf\">13<\/a>&#8211; Altera\u00e7\u00e3o ao Atendimento do servi\u00e7o de Secretaria &#8230;<\/p>\n<p align=\"left\"><a href=\"http:\/\/www.jf-moinhosdagandara.pt\/pdf\/JF\/ed_12_07.pdf\">12<\/a>&#8211; Participa\u00e7\u00e3o nas actividades da II bienal do Associativismo &#8230;<\/p>\n<p align=\"left\"><a href=\"http:\/\/www.jf-moinhosdagandara.pt\/pdf\/JF\/ed_11_07.pdf\">11<\/a>&#8211; Abertas inscri\u00e7\u00f5es gratuitas para aulas de nata\u00e7\u00e3o &#8230;<\/p>\n<p align=\"left\"><a href=\"http:\/\/www.jf-moinhosdagandara.pt\/pdf\/JF\/ed_10_07.pdf\">10<\/a>&#8211; Altera\u00e7\u00e3o do atendimento ao p\u00fablico no per\u00edodo de 04 a 08 de Junho &#8230;<\/p>\n<p align=\"left\"><a href=\"http:\/\/www.jf-moinhosdagandara.pt\/pdf\/JF\/ed_09_07.pdf\">09<\/a>&#8211; Dia 11 de Junho a partir das 09:00 horas, Vacina\u00e7\u00e3o Anti-r\u00e1bica &#8230;.<\/p>\n<p align=\"left\"><a href=\"http:\/\/www.jf-moinhosdagandara.pt\/pdf\/JF\/ed_08_07.pdf\">08<\/a>&#8211; Se encontram abertas inscri\u00e7\u00f5es para certifica\u00e7\u00e3o do 12.\u00ba Ano &#8230;<\/p>\n<p align=\"left\"><a href=\"http:\/\/www.jf-moinhosdagandara.pt\/pdf\/JF\/ed_07_07.pdf\">07<\/a>&#8211; Se encontram abertas inscri\u00e7\u00f5es para cursos na \u00e1rea da inform\u00e1tica &#8230;.<\/p>\n<p align=\"left\"><a href=\"http:\/\/www.jf-moinhosdagandara.pt\/pdf\/JF\/ed_06_07.pdf\">06<\/a>&#8211; No per\u00edodo de 04 a 08 de Junho n\u00e3o se realiza atendimento de secretaria &#8230;.<\/p>\n<p align=\"left\"><a href=\"http:\/\/www.jf-moinhosdagandara.pt\/pdf\/JF\/ed_05_07.pdf\">05<\/a>&#8211; Dia 5 de Maio vai realizar-se uma colheita de sangue &#8230;.<\/p>\n<p align=\"left\"><a href=\"http:\/\/www.jf-moinhosdagandara.pt\/pdf\/JF\/ed_04_07.pdf\">04<\/a>&#8211; Dia 19 de Abril ser\u00e1 efectuado rastreio auditivo gratuito &#8230;.<\/p>\n<p align=\"left\"><a href=\"http:\/\/www.jf-moinhosdagandara.pt\/pdf\/JF\/ed_03_07.pdf\">03<\/a>&#8211; 2\u00aa feira de P\u00e1scoa dia 9 de Abril n\u00e3o haver\u00e1 atendimento ao p\u00fablico &#8230;.<\/p>\n<p align=\"left\"><a href=\"http:\/\/www.jf-moinhosdagandara.pt\/pdf\/JF\/ed_02_07.pdf\">02<\/a>&#8211; Esclarecimentos sobre a situa\u00e7\u00e3o actual das EB1 da Freguesia &#8230;.<\/p>\n<p align=\"left\"><a href=\"http:\/\/www.jf-moinhosdagandara.pt\/pdf\/JF\/ed_01_07.pdf\">01<\/a>&#8211; Candidatura aos bens alimentares cedidos pela Seguran\u00e7a Social&#8230;<\/p>\n<p><strong>Ano de 2006<\/strong><\/p>\n<p align=\"left\"><a href=\"http:\/\/www.jf-moinhosdagandara.pt\/pdf\/JF\/ed_15_06.pdf\">15<\/a>&#8211; Aplica\u00e7\u00e3o de herbicida &#8230;<\/p>\n<p align=\"left\"><a href=\"http:\/\/www.jf-moinhosdagandara.pt\/pdf\/JF\/ed_14_06.pdf\">14<\/a>&#8211; Colheita de sangue &#8230;<\/p>\n<p align=\"left\"><a href=\"http:\/\/www.jf-moinhosdagandara.pt\/pdf\/JF\/ed_13_06.pdf\">13<\/a>&#8211; Passeio tur\u00edstico ao Convento de Cristo &#8230;<\/p>\n<p align=\"left\"><a href=\"http:\/\/www.jf-moinhosdagandara.pt\/pdf\/JF\/ed_12_06.pdf\">12<\/a>&#8211; Desfile aleg\u00f3rico de carros e carro\u00e7as de trac\u00e7\u00e3o animal &#8230;<\/p>\n<p align=\"left\"><a href=\"http:\/\/www.jf-moinhosdagandara.pt\/pdf\/JF\/ed_11_06.pdf\">11<\/a>&#8211; Passeio para Jovens no pr\u00f3ximo dia 22 de Julho &#8230;<\/p>\n<p align=\"left\"><a href=\"http:\/\/www.jf-moinhosdagandara.pt\/pdf\/JF\/ed_10_06.pdf\">10<\/a>&#8211; Suspensa a entrega de bens alimentares &#8230;<\/p>\n<p align=\"left\"><a href=\"http:\/\/www.jf-moinhosdagandara.pt\/pdf\/JF\/ed_09_06.pdf\">09<\/a>&#8211; Aulas de nata\u00e7\u00e3o gratuitas para as crian\u00e7as da Freguesia &#8230;<\/p>\n<p align=\"left\"><a href=\"http:\/\/www.jf-moinhosdagandara.pt\/pdf\/JF\/ed_08_06.pdf\">08<\/a>&#8211; Vacina\u00e7\u00e3o Anti-r\u00e1bica &#8230;<\/p>\n<p align=\"left\"><a href=\"http:\/\/www.jf-moinhosdagandara.pt\/pdf\/JF\/ed_07_06.pdf\">07<\/a>&#8211; Ac\u00e7\u00f5es de reconhecimento, valida\u00e7\u00e3o e certifica\u00e7\u00e3o de conhecimentos adquiridos ao longo da escola prim\u00e1ria &#8230;<\/p>\n<p align=\"left\"><a href=\"http:\/\/www.jf-moinhosdagandara.pt\/pdf\/JF\/ed_06_06.pdf\">06<\/a>&#8211; Grava\u00e7\u00e3o de CD com a Orquestra Ligeira da &#8230;<\/p>\n<p align=\"left\"><a href=\"http:\/\/www.jf-moinhosdagandara.pt\/pdf\/JF\/ed_05_06.pdf\">05<\/a>&#8211; Rasteio auditivo gratuito &#8230;<\/p>\n<p align=\"left\"><a href=\"http:\/\/www.jf-moinhosdagandara.pt\/pdf\/JF\/ed_04_06.pdf\">04<\/a>&#8211; Recolha de sangue dia 06 de Maio na Sede da Junta de Freguesia &#8230;<\/p>\n<p align=\"left\"><a href=\"http:\/\/www.jf-moinhosdagandara.pt\/pdf\/JF\/ed_03_06.pdf\">03<\/a>&#8211; Hor\u00e1rio de funcionamento da Junta de Freguesia &#8230;<\/p>\n<p align=\"left\"><a href=\"http:\/\/www.jf-moinhosdagandara.pt\/pdf\/JF\/ed_02_06.pdf\">02<\/a>&#8211; Consulta p\u00fablica de avalia\u00e7\u00e3o do impacto ambiental da A17 &#8230;<\/p>\n<p align=\"left\"><a href=\"http:\/\/www.jf-moinhosdagandara.pt\/pdf\/JF\/ed_01_06.pdf\">01<\/a>&#8211; Feriado Carnaval &#8230;<\/p>\n","protected":false},"excerpt":{"rendered":"<p>Ano de 2021 03&#8211; Edital com a altera\u00e7\u00e3o do atendimento. 02&#8211; Edital com a altera\u00e7\u00e3o do atendimento com marca\u00e7\u00e3o pr\u00e9via obriagt\u00f3ria. 01&#8211; Edital com hor\u00e1rios do cemit\u00e9rio de Ribas. Ano de 2020 09&#8211; Encerramento do Cemit\u00e9rio Municipal de Moinhos da G\u00e2ndara. 08 &#8211; Cemit\u00e9rio de Ribas 07&#8211; Hor\u00e1rio do servi\u00e7o presencial da Secretaria. 06&#8211; Retoma do servi\u00e7o presencial da Secretaria. 05&#8211; No \u00e2mbito do atual Estado de Calamidade, o\u00a0cemit\u00e9rio de Ribas reabrir\u00e1 portas. 04&#8211; Renova\u00e7\u00e3o medidas adicionais restritivas para controlo da pandemia do COVID-19. 03&#8211; Medidas adicionais restritivas para controlo da pandemia do COVID-19. 02&#8211; Perman\u00eancia de pessoas no Cemit\u00e9rio Municipal de Moinhos da G\u00e2ndara. 01&#8211; Atendimento do Executivo pendente at\u00e9 final do m\u00eas de mar\u00e7o. Ano de 2018 05&#8211; O Banco de Livros\/Manuais Escolares da Freguesia de Moinhos da G\u00e2ndara j\u00e1 se encontra em funcionamento. 04&#8211; Programa &#8220;+Perto&#8221; que tem como objetivo melhorar a acessibilidade a alguns servi\u00e7os p\u00fablicos\/privados utilizados pelos residentes desta freguesia. 03&#8211; CITRINOS INFESTADOS COM A PSILA AFRICANA DOS CITRINOS &#8211;\u00a0Trioza erytreae\u00a0(Del Guercio). 02&#8211; Workshop sobre o sono e a sa\u00fade. 01&#8211; Esclarecimento sobre a limpeza da floresta. Ano de 2017 02\u00a0&#8211; Altera\u00e7\u00e3o ao hor\u00e1rio de atendimento ao p\u00fablico. 01\u00a0&#8211; F\u00e9rias da funcion\u00e1ria. Ano de 2016 02\u00a0&#8211; Or\u00e7amento Participativo 2016\/2017. 01\u00a0&#8211; Consultas cl\u00ednicas. Ano de 2015 01\u00a0&#8211; Atendimento ao p\u00fablico. Ano de 2014 06\u00a0&#8211; Passeio Seniores 2014&#8230; 05\u00a0&#8211;\u00a0Vacina\u00e7\u00e3o Anti-R\u00e1bica e Identifica\u00e7\u00e3o Electr\u00f3nica dia 17 setembro &#8230; 04\u00a0&#8211;\u00a0Encerramento secretaria per\u00edodo 04 a 14 agosto &#8230; 03\u00a0&#8211; Encerramento secretaria per\u00edodo 26 a 30 maio &#8230; 02\u00a0&#8211; Abertas inscri\u00e7\u00f5es para programa &#8220;Ver\u00e3o Jovem 2014&#8243;&#8230; 01\u00a0&#8211; Apoio \u00e0 entrega da declara\u00e7\u00e3o IRS&#8230; Ano de 2013 07 &#8211; Atendimento ao p\u00fablico encerrado de 25 a 29 de novembro&#8230; 06 &#8211;\u00a0Vacina\u00e7\u00e3o Anti-R\u00e1bica e Identifica\u00e7\u00e3o Electr\u00f3nica dia 21 outubro&#8230; 05\u00a0&#8211; D\u00e1diva de sangue dia 2 de novembro&#8230; 04\u00a0&#8211; Aulas de nata\u00e7\u00e3o meses de julho e agosto&#8230; 03\u00a0&#8211;\u00a0Abertas inscri\u00e7\u00f5es para programa &#8220;Ver\u00e3o Jovem 2013&#8220;&#8230; 02\u00a0&#8211; Apoio \u00e0 entrega da declara\u00e7\u00e3o IRS&#8230; 01&#8211;\u00a0D\u00e1diva de sangue dia 27 abril&#8230; Ano de 2012 05&#8211; Vacina\u00e7\u00e3o Anti-R\u00e1bica e Identifica\u00e7\u00e3o Electr\u00f3nica dia 04 julho&#8230; 04&#8211; Aulas de nata\u00e7\u00e3o meses de julho e agosto&#8230; 03&#8211; D\u00e1diva de sangue dia 28 abril&#8230; 02&#8211; Consultas m\u00e9dicas na sede da junta a partir de 10 Abril&#8230; 01&#8211; Abertas inscri\u00e7\u00f5es para programa &#8220;Ver\u00e3o Jovem 2012&#8243;&#8230; Ano de 2011 08&#8211; Encerramento da secretaria da Junta de Freguesia no per\u00edodo de 24 a 28 de Outubro&#8230; 07&#8211; No pr\u00f3ximo dia 22 de Setembro vai-se realizar a VACINA\u00c7\u00c3O de CAN\u00cdDEOS&#8230; 06&#8211; No pr\u00f3ximo dia 20 de Agosto (s\u00e1bado) vai-se realizar o PASSEIO S\u00c9NIOR&#8230; 05&#8211; O atendimento ao p\u00fablico vai estar encerrado no per\u00edodo de 01 a 15 de Agosto de 2011, por motivo f\u00e9rias da funcion\u00e1ria&#8230; 04&#8211; A Atendimento pelo Executivo no pr\u00f3ximo dia 22 de Junho (quarta-feira), n\u00e3o se ir\u00e1 realizar&#8230; 03&#8211; O atendimento ao p\u00fablico vai estar encerrado no per\u00edodo de 23 a 27 de Maio de 2011, por motivo f\u00e9rias da funcion\u00e1ria&#8230; 02&#8211; VAI REALIZAR-SE UMA COLHEITA DE SANGUE NA SEDE DA JUNTA DE FREGUESIA NO PR\u00d3XIMO DIA 30 DE ABRIL&#8230; 01&#8211; No per\u00edodo de 07 de Mar\u00e7o a 24 de Abril, ir\u00e3o realizar-se os Censos 2011&#8230; Ano de 2010 20&#8211; Encerramento da Junta de Freguesia dias 24 Dezembro a 02 Janeiro 2011&#8230; 19&#8211; Encerramento da Junta de Freguesia dias 01 e 08 de Dezembro &#8230; 18&#8211; Novo hor\u00e1rio de\u00a0funcionamento da secretaria&#8230; 17&#8211; D\u00e1diva de sangue dia 01 de Novembro&#8230; 16&#8211; Encerramento do\u00a0atendimento da secretaria no\u00a0per\u00edodo de 18 a 22 de\u00a0Outubro&#8230; 15&#8211; Passeio Senior dia 04 Setembro&#8230; 14&#8211; Encerramento do atendimento ao p\u00fablico de\u00a002 a 13 Agosto &#8230; 13&#8211; Registo e licen\u00e7a de Can\u00eddeos &#8230; 12&#8211; Aulas de nata\u00e7\u00e3o GRATUITAS &#8230; 11&#8211; O Executivo no pr\u00f3ximo\u00a0dia 23 Junho n\u00e3o far\u00e1 o\u00a0atendimento ao p\u00fablico&#8230; 10&#8211; Vacina\u00e7\u00e3o anti-r\u00e1bica e\u00a0identifica\u00e7\u00e3o electr\u00f3nica\u00a0dos can\u00eddeos &#8230; 09&#8211; Aplica\u00e7\u00e3o de Herbicida&#8230; 08&#8211; Atendimento dos UTENTES da\u00a0Seguran\u00e7a Social &#8230; 07&#8211; Inscri\u00e7\u00f5es no PCAAC &#8230; 06&#8211; Edital de aprova\u00e7\u00e3o\u00a0\u00a0Regulamento de Taxas,\u00a0Licen\u00e7as e Servi\u00e7os &#8230; Consultar Regulamento! 05&#8211; Edital de aprova\u00e7\u00e3o\u00a0\u00a0Regulamento do Cemit\u00e9rio &#8230;\u00a0\u00a0\u00a0Consultar\u00a0Regulamento! 04&#8211; D\u00e1diva de sangue no pr\u00f3ximo dia 24 de Abril de 2010 &#8230; 03&#8211; Encerramento da secretaria da Junta de Freguesia no per\u00edodo de 31 de Mar\u00e7o a 07 de Abril &#8230; 02&#8211; Entrega da declara\u00e7\u00e3o de IRS &#8230; 01&#8211; Tabela de pre\u00e7os de Taxas e Licen\u00e7as para o ano de 2010 &#8230; Ano de 2009 13&#8211; J\u00e1 se encontram dispon\u00edveis \u00d3LE\u00d5ES para recolha de \u00f3leo alimentar usado&#8230; 12&#8211; D\u00e1diva de sangue dia 21 de Novembro&#8230; 11&#8211; Conclus\u00e3o do 9\u00ba ano de escolaridade&#8230; 10&#8211; Encerramento da Junta de Freguesia para atendimento ao p\u00fablico no per\u00edodo de 03 a 21 de Agosto &#8230; 09&#8211; Encerramento da Junta de Freguesia para atendimento ao p\u00fablico no per\u00edodo de 03 a 21 de Agosto&#8230; 08&#8211; Passeio Jovem &#8211; dia 25Jul&#8217;09&#8230; 07&#8211; Aulas de nata\u00e7\u00e3o Gratuitas &#8211; todas as 5\u00aa feiras a partir do dia 09Jun&#8217;09 &#8230; 06&#8211; Vacina\u00e7\u00e3o Anti-R\u00e1bica &#8211; dia 08Jun&#8217;09 a partir das 14:30 horas 05&#8211; D\u00e1diva de Sangue &#8211; dia 09Mai&#8217;09 a partir das 15:00 horas 04&#8211; Encerramento dos servi\u00e7os de secretaria 2\u00aa feira de P\u00e1scoa 03&#8211; Apoio \u00e0 entrega da declara\u00e7\u00e3o de IRS&#8230; 02&#8211; Encerramento da Junta de Freguesia em 23 e 24 de Fevereiro (Carnaval)&#8230; 01&#8211; Tabela de pre\u00e7os de Taxas e Licen\u00e7as para o ano de 2009 &#8230; Ano de 2008 13&#8211; Atendimento ao p\u00fablico no per\u00edodo de 29\/12\/2008 a&#8230; 12&#8211; D\u00e1diva de sangue &#8211; 2008\/11\/29&#8230; 11&#8211; Passeio S\u00e9nior 2008 &#8211; 2008\/09\/06&#8230; 10&#8211; Hor\u00e1rio de funcionamento no per\u00edodo de 04 a 29 de Agosto de 2008&#8230; 09&#8211; Passeio Jovem 2008 &#8211; 2008\/08\/02 &#8230; 08&#8211; Inscri\u00e7\u00e3o para ocupa\u00e7\u00e3o dos tempos livres (gratuitamente) &#8211; meses de Julho e Agosto&#8230; 07&#8211; Inscri\u00e7\u00f5es para aulas de nata\u00e7\u00e3o gratuitas &#8211; durante os meses de Julho e Agosto&#8230; 06&#8211; Rastreio auditivo gratuito &#8211; 2008\/06\/20 05&#8211; Vacina\u00e7\u00e3o Anti-R\u00e1bica &#8211; 2008\/07\/02 &#8230; 04&#8211; D\u00e1diva de Sangue na sede da Junta de Freguesia &#8211; 2008\/05\/10 &#8230; 03&#8211; Apoio \u00e0 entrega da declara\u00e7\u00e3o de IRS 2007 atrav\u00e9s da Internet &#8230; 02&#8211; Encerramento do Atendimento ao P\u00fablico dia 25 de Mar\u00e7o (2\u00aa feira de P\u00e1scoa) &#8230; 01&#8211; Tabela de pre\u00e7os de Taxas e Licen\u00e7as para o ano de<\/p>\n","protected":false},"author":1,"featured_media":104,"parent":0,"menu_order":0,"comment_status":"closed","ping_status":"closed","template":"","meta":{"om_disable_all_campaigns":false,"_monsterinsights_skip_tracking":false,"_monsterinsights_sitenote_active":false,"_monsterinsights_sitenote_note":"","_monsterinsights_sitenote_category":0,"powered_cache_disable_cache":false,"powered_cache_disable_lazyload":false,"footnotes":""},"class_list":["post-128","page","type-page","status-publish","has-post-thumbnail","hentry"],"aioseo_notices":[],"blog_post_layout_featured_media_urls":{"thumbnail":["https:\/\/jf-moinhosdagandara.pt\/wp-content\/uploads\/2013\/03\/BANDEIRA-150x150.gif",150,150,true],"full":["https:\/\/jf-moinhosdagandara.pt\/wp-content\/uploads\/2013\/03\/BANDEIRA.gif",180,239,false]},"categories_names":null,"comments_number":"0","jetpack_sharing_enabled":true,"_links":{"self":[{"href":"https:\/\/jf-moinhosdagandara.pt\/index.php?rest_route=\/wp\/v2\/pages\/128","targetHints":{"allow":["GET"]}}],"collection":[{"href":"https:\/\/jf-moinhosdagandara.pt\/index.php?rest_route=\/wp\/v2\/pages"}],"about":[{"href":"https:\/\/jf-moinhosdagandara.pt\/index.php?rest_route=\/wp\/v2\/types\/page"}],"author":[{"embeddable":true,"href":"https:\/\/jf-moinhosdagandara.pt\/index.php?rest_route=\/wp\/v2\/users\/1"}],"replies":[{"embeddable":true,"href":"https:\/\/jf-moinhosdagandara.pt\/index.php?rest_route=%2Fwp%2Fv2%2Fcomments&post=128"}],"version-history":[{"count":93,"href":"https:\/\/jf-moinhosdagandara.pt\/index.php?rest_route=\/wp\/v2\/pages\/128\/revisions"}],"predecessor-version":[{"id":2759,"href":"https:\/\/jf-moinhosdagandara.pt\/index.php?rest_route=\/wp\/v2\/pages\/128\/revisions\/2759"}],"wp:featuredmedia":[{"embeddable":true,"href":"https:\/\/jf-moinhosdagandara.pt\/index.php?rest_route=\/wp\/v2\/media\/104"}],"wp:attachment":[{"href":"https:\/\/jf-moinhosdagandara.pt\/index.php?rest_route=%2Fwp%2Fv2%2Fmedia&parent=128"}],"curies":[{"name":"wp","href":"https:\/\/api.w.org\/{rel}","templated":true}]}}