{"id":72,"date":"2013-03-20T17:24:07","date_gmt":"2013-03-20T17:24:07","guid":{"rendered":"http:\/\/pedrosilva.us\/junta\/?page_id=72"},"modified":"2013-06-03T14:40:57","modified_gmt":"2013-06-03T14:40:57","slug":"simbolos-geraldicos","status":"publish","type":"page","link":"https:\/\/jf-moinhosdagandara.pt\/?page_id=72","title":{"rendered":"S\u00edmbolos Her\u00e1ldicos"},"content":{"rendered":"<div>\n<p>Ap\u00f3s aprova\u00e7\u00e3o por unanimidade pela Junta e assembleia de Freguesia e depois respectiva publica\u00e7\u00e3o no Di\u00e1rio da Rep\u00fablica, III S\u00e9rie, de 19 de Julho de 1999, encontram-se registados na Direc\u00e7\u00e3o-Geral das Autarquias Locais os S\u00edmbolos Her\u00e1ldicos desta freguesia, desde 26 de Julho do mesmo ano, sob o n.\u00ba 74\/99.<\/p>\n<p>Conforme &#8220;Parecer&#8221; da Comiss\u00e3o de Her\u00e1ldica da Associa\u00e7\u00e3o dos Arque\u00f3logos Portugueses, os referidos s\u00edmbolos s\u00e3o assim constitu\u00eddos:<\/p>\n<p><a href=\"https:\/\/jf-moinhosdagandara.pt\/wp-content\/uploads\/2013\/03\/BRASAO1.gif\"><img decoding=\"async\" class=\"alignnone size-full wp-image-105\" alt=\"BRASAO1\" src=\"https:\/\/jf-moinhosdagandara.pt\/wp-content\/uploads\/2013\/03\/BRASAO1.gif\" width=\"180\" height=\"188\" \/><\/a><\/p>\n<p>BRAS\u00c3O<\/p>\n<p>Escudo de verde, barra ondada de prata e azul de tr\u00eas pe\u00e7as, entre uma arma\u00e7\u00e3o de moinho de negro, vestida de prata e cordoada de ouro e uma roda de azenha do mesmo. Coroa mural de prata de tr\u00eas torres. Listel Branco com a legenda &#8220;Moinhos da G\u00e2ndara&#8221;.<\/p>\n<p>O ouro do Bras\u00e3o \u00e9 representado em Amarelo e simboliza os campos e areias da G\u00e2ndara e a seara madura.<\/p>\n<p>O verde simboliza as searas em crescimento e as manchas florestais que caracterizam a nossa regi\u00e3o.<\/p>\n<p>O azul e prata referidos simbolizam a \u00e1gua das ribeira valas dos &#8220;engenhos&#8221; existentes nas terras da G\u00e2ndara.<\/p>\n<p><a href=\"https:\/\/jf-moinhosdagandara.pt\/wp-content\/uploads\/2013\/03\/BANDEIRA.gif\"><img decoding=\"async\" class=\"alignnone size-full wp-image-104\" alt=\"BANDEIRA\" src=\"https:\/\/jf-moinhosdagandara.pt\/wp-content\/uploads\/2013\/03\/BANDEIRA.gif\" width=\"180\" height=\"239\" \/><\/a><\/p>\n<p>BANDEIRA<\/p>\n<p>Amarela. Cord\u00e3o e borla de ouro e verde. Haste e lan\u00e7a de Ouro.<\/p>\n<p><a href=\"https:\/\/jf-moinhosdagandara.pt\/wp-content\/uploads\/2013\/03\/SELO.jpg\"><img decoding=\"async\" class=\"alignnone size-full wp-image-103\" alt=\"SELO\" src=\"https:\/\/jf-moinhosdagandara.pt\/wp-content\/uploads\/2013\/03\/SELO.jpg\" width=\"180\" height=\"178\" \/><\/a><\/p>\n<p>SELO<\/p>\n<p>Nos termos da Lei, com a legenda: <b>&#8220;JUNTA DE FREGUESIA DE MOINHOS DA G\u00c2NDARA &#8211; FIGUEIRA DA FOZ&#8221;.<\/b><\/p>\n<p><b>Por am\u00e1vel defer\u00eancia do P\u00e1roco local, Reverendo Manuel Ferreira, a Bandeira foi benzida na Capela de Nossa Senhora da Sa\u00fade, em Ribas, no dia 28 de Novembro. E foi hasteada em p\u00fablico no dia 01 de Dezembro de 1999 (Feriado Nacional).<\/b><\/p>\n<p><b>Por \u00faltimo \u00e9 justo referir que o Bras\u00e3o de MOINHOS DA G\u00c2NDARA, \u00e9 um trabalho executado pelo distinto escultor figueirense, Sr. M\u00e1rio Nunes, que recebeu os melhores elogios da Comiss\u00e3o de Her\u00e1ldica da Associa\u00e7\u00e3o dos Arque\u00f3logos Portugueses.<\/b><\/p>\n<\/div>\n","protected":false},"excerpt":{"rendered":"<p>Ap\u00f3s aprova\u00e7\u00e3o por unanimidade pela Junta e assembleia de Freguesia e depois respectiva publica\u00e7\u00e3o no Di\u00e1rio da Rep\u00fablica, III S\u00e9rie, de 19 de Julho de 1999, encontram-se registados na Direc\u00e7\u00e3o-Geral das Autarquias Locais os S\u00edmbolos Her\u00e1ldicos desta freguesia, desde 26 de Julho do mesmo ano, sob o n.\u00ba 74\/99. Conforme &#8220;Parecer&#8221; da Comiss\u00e3o de Her\u00e1ldica da Associa\u00e7\u00e3o dos Arque\u00f3logos Portugueses, os referidos s\u00edmbolos s\u00e3o assim constitu\u00eddos: BRAS\u00c3O Escudo de verde, barra ondada de prata e azul de tr\u00eas pe\u00e7as, entre uma arma\u00e7\u00e3o de moinho de negro, vestida de prata e cordoada de ouro e uma roda de azenha do mesmo. Coroa mural de prata de tr\u00eas torres. Listel Branco com a legenda &#8220;Moinhos da G\u00e2ndara&#8221;. O ouro do Bras\u00e3o \u00e9 representado em Amarelo e simboliza os campos e areias da G\u00e2ndara e a seara madura. O verde simboliza as searas em crescimento e as manchas florestais que caracterizam a nossa regi\u00e3o. O azul e prata referidos simbolizam a \u00e1gua das ribeira valas dos &#8220;engenhos&#8221; existentes nas terras da G\u00e2ndara. BANDEIRA Amarela. Cord\u00e3o e borla de ouro e verde. Haste e lan\u00e7a de Ouro. SELO Nos termos da Lei, com a legenda: &#8220;JUNTA DE FREGUESIA DE MOINHOS DA G\u00c2NDARA &#8211; FIGUEIRA DA FOZ&#8221;. Por am\u00e1vel defer\u00eancia do P\u00e1roco local, Reverendo Manuel Ferreira, a Bandeira foi benzida na Capela de Nossa Senhora da Sa\u00fade, em Ribas, no dia 28 de Novembro. E foi hasteada em p\u00fablico no dia 01 de Dezembro de 1999 (Feriado Nacional). Por \u00faltimo \u00e9 justo referir que o Bras\u00e3o de MOINHOS DA G\u00c2NDARA, \u00e9 um trabalho executado pelo distinto escultor figueirense, Sr. M\u00e1rio Nunes, que recebeu os melhores elogios da Comiss\u00e3o de Her\u00e1ldica da Associa\u00e7\u00e3o dos Arque\u00f3logos Portugueses.<\/p>\n","protected":false},"author":1,"featured_media":0,"parent":0,"menu_order":0,"comment_status":"open","ping_status":"open","template":"","meta":{"om_disable_all_campaigns":false,"_monsterinsights_skip_tracking":false,"_monsterinsights_sitenote_active":false,"_monsterinsights_sitenote_note":"","_monsterinsights_sitenote_category":0,"powered_cache_disable_cache":false,"powered_cache_disable_lazyload":false,"footnotes":""},"class_list":["post-72","page","type-page","status-publish","hentry"],"aioseo_notices":[],"blog_post_layout_featured_media_urls":{"thumbnail":"","full":""},"categories_names":null,"comments_number":"0","jetpack_sharing_enabled":true,"_links":{"self":[{"href":"https:\/\/jf-moinhosdagandara.pt\/index.php?rest_route=\/wp\/v2\/pages\/72","targetHints":{"allow":["GET"]}}],"collection":[{"href":"https:\/\/jf-moinhosdagandara.pt\/index.php?rest_route=\/wp\/v2\/pages"}],"about":[{"href":"https:\/\/jf-moinhosdagandara.pt\/index.php?rest_route=\/wp\/v2\/types\/page"}],"author":[{"embeddable":true,"href":"https:\/\/jf-moinhosdagandara.pt\/index.php?rest_route=\/wp\/v2\/users\/1"}],"replies":[{"embeddable":true,"href":"https:\/\/jf-moinhosdagandara.pt\/index.php?rest_route=%2Fwp%2Fv2%2Fcomments&post=72"}],"version-history":[{"count":1,"href":"https:\/\/jf-moinhosdagandara.pt\/index.php?rest_route=\/wp\/v2\/pages\/72\/revisions"}],"predecessor-version":[{"id":425,"href":"https:\/\/jf-moinhosdagandara.pt\/index.php?rest_route=\/wp\/v2\/pages\/72\/revisions\/425"}],"wp:attachment":[{"href":"https:\/\/jf-moinhosdagandara.pt\/index.php?rest_route=%2Fwp%2Fv2%2Fmedia&parent=72"}],"curies":[{"name":"wp","href":"https:\/\/api.w.org\/{rel}","templated":true}]}}